{"id":3692,"date":"2023-03-18T20:23:39","date_gmt":"2023-03-18T20:23:39","guid":{"rendered":"https:\/\/www.tasis.org.tr\/gama\/?page_id=3692"},"modified":"2023-07-17T08:47:20","modified_gmt":"2023-07-17T08:47:20","slug":"baskanin-mesaji","status":"publish","type":"page","link":"https:\/\/www.tasis.org.tr\/en\/baskanin-mesaji\/","title":{"rendered":"Ba\u015fkan\u0131n Mesaj\u0131"},"content":{"rendered":"<section class=\"wpb-content-wrapper\"><p>[vc_row][vc_column width=&#8221;1\/4&#8243;][vc_single_image image=&#8221;3921&#8243; img_size=&#8221;&#8221;][\/vc_column][vc_column width=&#8221;3\/4&#8243;][vc_column_text]Yakla\u015f\u0131k 30 y\u0131ll\u0131k bir s\u00fcre\u00e7ten ge\u00e7erek evrilen, geli\u015fen ve ilerleme kaydeden Asans\u00f6r, Y\u00fcr\u00fcyen Merdiven ve Otomatik Kap\u0131 Sanayi \u0130\u015fverenlerinin i\u015f kolunda onlar\u0131 temsil eden sendikam\u0131z\u0131n do\u011fu\u015funun ve varl\u0131\u011f\u0131n\u0131n hakl\u0131 gururunu ya\u015f\u0131yoruz.<\/p>\n<p>Her ge\u00e7en g\u00fcn b\u00fcy\u00fcyen ve geli\u015fen k\u0131ymetli &#8220;TAS\u0130S A\u0130LES\u0130&#8221; ve Onun y\u00fczlerce i\u015fletmeye umut kayna\u011f\u0131 olan \u00e7al\u0131\u015fmalar\u0131; ilerleyen s\u00fcre\u00e7lerde daha dinamik, daha etkili ve daha efektif bir vizyonla kendisini g\u00f6stermeye devam edecektir.\u00a0 \u00dcstlendi\u011fimiz misyonla i\u015f kolunda faaliyet g\u00f6steren sekt\u00f6rlerimizi &#8220;T\u00dcRK\u0130YE Y\u00dcZYILI&#8221; vizyonuna uygun bir \u015fekilde rehabilite edecek her t\u00fcrl\u00fc \u00e7al\u0131\u015fman\u0131n i\u00e7inde yer alacak ve her zaman oldu\u011fu gibi \u00fcye i\u015fletmelerimizin yan\u0131nda olmaya devam edece\u011fiz.<\/p>\n<p>Bu vesile ile i\u015f kolumuzda ya\u015fan\u0131lan kronik sorunlar\u0131n daha h\u0131zl\u0131 \u00e7\u00f6z\u00fcme kavu\u015fabilmesi ad\u0131na hen\u00fcz ailemize kat\u0131lmam\u0131\u015f olan dostlar\u0131m\u0131z\u0131 da &#8220;B\u00dcY\u00dcK TAS\u0130S A\u0130LES\u0130&#8221; mensubu olmaya davet ediyorum.<\/p>\n<p>Sayg\u0131lar\u0131mla.<\/p>\n<p>A. Turgay KULU\u011e<\/p>\n<p>Genel Ba\u015fkan<\/p>\n<p>[\/vc_column_text][\/vc_column][\/vc_row]<\/p>\n<\/section>","protected":false},"excerpt":{"rendered":"<p>[vc_row][vc_column width=&#8221;1\/4&#8243;][vc_single_image image=&#8221;3921&#8243; img_size=&#8221;&#8221;][\/vc_column][vc_column width=&#8221;3\/4&#8243;][vc_column_text]Yakla\u015f\u0131k 30 y\u0131ll\u0131k bir s\u00fcre\u00e7ten ge\u00e7erek evrilen, geli\u015fen ve ilerleme kaydeden Asans\u00f6r, Y\u00fcr\u00fcyen Merdiven ve Otomatik Kap\u0131 Sanayi \u0130\u015fverenlerinin i\u015f kolunda onlar\u0131 temsil eden sendikam\u0131z\u0131n do\u011fu\u015funun ve varl\u0131\u011f\u0131n\u0131n hakl\u0131 gururunu ya\u015f\u0131yoruz. Her ge\u00e7en g\u00fcn b\u00fcy\u00fcyen ve geli\u015fen k\u0131ymetli &#8220;TAS\u0130S A\u0130LES\u0130&#8221; ve Onun y\u00fczlerce i\u015fletmeye umut kayna\u011f\u0131 olan \u00e7al\u0131\u015fmalar\u0131; ilerleyen s\u00fcre\u00e7lerde daha [&hellip;]<\/p>\n","protected":false},"author":1,"featured_media":0,"parent":0,"menu_order":0,"comment_status":"closed","ping_status":"closed","template":"","meta":[],"_links":{"self":[{"href":"https:\/\/www.tasis.org.tr\/en\/wp-json\/wp\/v2\/pages\/3692"}],"collection":[{"href":"https:\/\/www.tasis.org.tr\/en\/wp-json\/wp\/v2\/pages"}],"about":[{"href":"https:\/\/www.tasis.org.tr\/en\/wp-json\/wp\/v2\/types\/page"}],"author":[{"embeddable":true,"href":"https:\/\/www.tasis.org.tr\/en\/wp-json\/wp\/v2\/users\/1"}],"replies":[{"embeddable":true,"href":"https:\/\/www.tasis.org.tr\/en\/wp-json\/wp\/v2\/comments?post=3692"}],"version-history":[{"count":16,"href":"https:\/\/www.tasis.org.tr\/en\/wp-json\/wp\/v2\/pages\/3692\/revisions"}],"predecessor-version":[{"id":4203,"href":"https:\/\/www.tasis.org.tr\/en\/wp-json\/wp\/v2\/pages\/3692\/revisions\/4203"}],"wp:attachment":[{"href":"https:\/\/www.tasis.org.tr\/en\/wp-json\/wp\/v2\/media?parent=3692"}],"curies":[{"name":"wp","href":"https:\/\/api.w.org\/{rel}","templated":true}]}}