{"id":3699,"date":"2023-03-18T21:12:18","date_gmt":"2023-03-18T21:12:18","guid":{"rendered":"https:\/\/www.tasis.org.tr\/gama\/?page_id=3699"},"modified":"2023-08-25T05:51:35","modified_gmt":"2023-08-25T05:51:35","slug":"anasayfa","status":"publish","type":"page","link":"https:\/\/www.tasis.org.tr\/en\/","title":{"rendered":"Anasayfa"},"content":{"rendered":"<section class=\"wpb-content-wrapper\"><p>[vc_row full_width=&#8221;stretch_row_content&#8221;][vc_column css=&#8221;.vc_custom_1679160095606{margin-top: -45px !important;background-color: #ffffff !important;}&#8221;][vc_column_text css=&#8221;.vc_custom_1679225098641{margin-right: -15px !important;margin-left: -15px !important;}&#8221;]\n<div class=\"wprpsp-pro-slider-wrp wprpsp-clearfix \" data-conf=\"{&quot;dots&quot;:&quot;true&quot;,&quot;arrows&quot;:&quot;true&quot;,&quot;fade&quot;:&quot;false&quot;,&quot;autoplay&quot;:&quot;true&quot;,&quot;autoplay_interval&quot;:4000,&quot;speed&quot;:600,&quot;centerpadding&quot;:0,&quot;design&quot;:&quot;design-1&quot;,&quot;rtl&quot;:&quot;false&quot;,&quot;infinite&quot;:&quot;true&quot;,&quot;nav_slides&quot;:4,&quot;hover_pause&quot;:&quot;true&quot;,&quot;focus_pause&quot;:&quot;false&quot;,&quot;lazyload&quot;:&quot;&quot;}\">\n\t<div id=\"wprpsp-pro-slider-1\" class=\"wprpsp-recent-post-slider wprpsp-post-slider-init wprpsp-post-slider wprpsp-design-1 wprpsp-image-fit\" >\n<div class=\"wprpsp-post-slides\">\n\t<div class=\"wprpsp-post-cnt-pos\">\n\t\t<div class=\"wprpsp-post-cnt-left wprpsp-medium-8 wprpsp-columns\">\n\t\t\t\t\t\t\t<h2 class=\"wprpsp-post-title\">\n\t\t\t\t\t<a href=\"https:\/\/www.tasis.org.tr\/en\/tasis-1-futbol-turnuvasi-kazananlari-31-temmuz-2023\/\" target=\"_self\">TAS\u0130S 1. Futbol Turnuvas\u0131 Kazananlar\u0131 &#8211; 31 Temmuz 2023<\/a>\n\t\t\t\t<\/h2>\n\t\t\t\t\t\t<div class=\"wprpsp-post-date\">\n\t\t\t\t\t\t\t\t\t\t\t\t\t\t\t24 A\u011fustos 2023\t\t\t\t<\/div>\n\t\t\t\t\t<\/div>\n\t\t<div class=\"wprpsp-post-image-wrap wprpsp-post-image-bg\" style=\"height:500px;\">\n\t\t\t\t\t\t\t<img class=\"wprpsp-post-img\"  src=\"https:\/\/www.tasis.org.tr\/en\/wp-content\/uploads\/2023\/08\/20a9dc24-31cc-4893-a0b3-0e01961f3be7-crop.jpg\" alt=\"TAS\u0130S 1. Futbol Turnuvas\u0131 Kazananlar\u0131 &#8211; 31 Temmuz 2023\" \/>\n\t\t\t\t\t<\/div>\n\t\t<a class=\"wprpsp-post-link\" href=\"https:\/\/www.tasis.org.tr\/en\/tasis-1-futbol-turnuvasi-kazananlari-31-temmuz-2023\/\" target=\"_self\"><\/a>\n\t<\/div>\n<\/div>\n\n<div class=\"wprpsp-post-slides\">\n\t<div class=\"wprpsp-post-cnt-pos\">\n\t\t<div class=\"wprpsp-post-cnt-left wprpsp-medium-8 wprpsp-columns\">\n\t\t\t\t\t\t\t<h2 class=\"wprpsp-post-title\">\n\t\t\t\t\t<a href=\"https:\/\/www.tasis.org.tr\/en\/corum-il-toplantisi-24-temmuz-2023\/\" target=\"_self\">\u00c7orum \u0130l Toplant\u0131s\u0131 &#8211; 24 Temmuz 2023<\/a>\n\t\t\t\t<\/h2>\n\t\t\t\t\t\t<div class=\"wprpsp-post-date\">\n\t\t\t\t\t\t\t\t\t\t\t\t\t\t\t24 A\u011fustos 2023\t\t\t\t<\/div>\n\t\t\t\t\t<\/div>\n\t\t<div class=\"wprpsp-post-image-wrap wprpsp-post-image-bg\" style=\"height:500px;\">\n\t\t\t\t\t\t\t<img class=\"wprpsp-post-img\"  src=\"https:\/\/www.tasis.org.tr\/en\/wp-content\/uploads\/2023\/08\/5b6d9b2d-8a44-426a-91a7-60ca5a83df2e-crop.jpg\" alt=\"\u00c7orum \u0130l Toplant\u0131s\u0131 &#8211; 24 Temmuz 2023\" \/>\n\t\t\t\t\t<\/div>\n\t\t<a class=\"wprpsp-post-link\" href=\"https:\/\/www.tasis.org.tr\/en\/corum-il-toplantisi-24-temmuz-2023\/\" target=\"_self\"><\/a>\n\t<\/div>\n<\/div>\n\n<div class=\"wprpsp-post-slides\">\n\t<div class=\"wprpsp-post-cnt-pos\">\n\t\t<div class=\"wprpsp-post-cnt-left wprpsp-medium-8 wprpsp-columns\">\n\t\t\t\t\t\t\t<h2 class=\"wprpsp-post-title\">\n\t\t\t\t\t<a href=\"https:\/\/www.tasis.org.tr\/en\/balikesir-il-toplantisi-12-temmuz-2023\/\" target=\"_self\">Bal\u0131kesir \u0130l Toplant\u0131s\u0131 &#8211; 12 Temmuz 2023<\/a>\n\t\t\t\t<\/h2>\n\t\t\t\t\t\t<div class=\"wprpsp-post-date\">\n\t\t\t\t\t\t\t\t\t\t\t\t\t\t\t24 A\u011fustos 2023\t\t\t\t<\/div>\n\t\t\t\t\t<\/div>\n\t\t<div class=\"wprpsp-post-image-wrap wprpsp-post-image-bg\" style=\"height:500px;\">\n\t\t\t\t\t\t\t<img class=\"wprpsp-post-img\"  src=\"https:\/\/www.tasis.org.tr\/en\/wp-content\/uploads\/2023\/08\/56deb0b0-a978-4f58-b573-eb154aa2d6b5-crop.jpg\" alt=\"Bal\u0131kesir \u0130l Toplant\u0131s\u0131 &#8211; 12 Temmuz 2023\" \/>\n\t\t\t\t\t<\/div>\n\t\t<a class=\"wprpsp-post-link\" href=\"https:\/\/www.tasis.org.tr\/en\/balikesir-il-toplantisi-12-temmuz-2023\/\" target=\"_self\"><\/a>\n\t<\/div>\n<\/div>\n\n<div class=\"wprpsp-post-slides\">\n\t<div class=\"wprpsp-post-cnt-pos\">\n\t\t<div class=\"wprpsp-post-cnt-left wprpsp-medium-8 wprpsp-columns\">\n\t\t\t\t\t\t\t<h2 class=\"wprpsp-post-title\">\n\t\t\t\t\t<a href=\"https:\/\/www.tasis.org.tr\/en\/tasis-mesyeb-is-birligi-toplantisi-7-temmuz-2023\/\" target=\"_self\">TAS\u0130S &#8211; MESYEB \u0130\u015f Birli\u011fi Toplant\u0131s\u0131 &#8211; 7 Temmuz 2023<\/a>\n\t\t\t\t<\/h2>\n\t\t\t\t\t\t<div class=\"wprpsp-post-date\">\n\t\t\t\t\t\t\t\t\t\t\t\t\t\t\t24 A\u011fustos 2023\t\t\t\t<\/div>\n\t\t\t\t\t<\/div>\n\t\t<div class=\"wprpsp-post-image-wrap wprpsp-post-image-bg\" style=\"height:500px;\">\n\t\t\t\t\t\t\t<img class=\"wprpsp-post-img\"  src=\"https:\/\/www.tasis.org.tr\/en\/wp-content\/uploads\/2023\/08\/ba74ad6f-459c-4ff6-a6a6-79a33127e3cf-crop.jpg\" alt=\"TAS\u0130S &#8211; MESYEB \u0130\u015f Birli\u011fi Toplant\u0131s\u0131 &#8211; 7 Temmuz 2023\" \/>\n\t\t\t\t\t<\/div>\n\t\t<a class=\"wprpsp-post-link\" href=\"https:\/\/www.tasis.org.tr\/en\/tasis-mesyeb-is-birligi-toplantisi-7-temmuz-2023\/\" target=\"_self\"><\/a>\n\t<\/div>\n<\/div>\n\n<div class=\"wprpsp-post-slides\">\n\t<div class=\"wprpsp-post-cnt-pos\">\n\t\t<div class=\"wprpsp-post-cnt-left wprpsp-medium-8 wprpsp-columns\">\n\t\t\t\t\t\t\t<h2 class=\"wprpsp-post-title\">\n\t\t\t\t\t<a href=\"https:\/\/www.tasis.org.tr\/en\/nevsehir-il-toplantisi-24-haziran-2023\/\" target=\"_self\">Nev\u015fehir \u0130l Toplant\u0131s\u0131 &#8211; 24 Haziran 2023<\/a>\n\t\t\t\t<\/h2>\n\t\t\t\t\t\t<div class=\"wprpsp-post-date\">\n\t\t\t\t\t\t\t\t\t\t\t\t\t\t\t24 A\u011fustos 2023\t\t\t\t<\/div>\n\t\t\t\t\t<\/div>\n\t\t<div class=\"wprpsp-post-image-wrap wprpsp-post-image-bg\" style=\"height:500px;\">\n\t\t\t\t\t\t\t<img class=\"wprpsp-post-img\"  src=\"https:\/\/www.tasis.org.tr\/en\/wp-content\/uploads\/2023\/08\/f63010e4-cea7-4f62-b06b-2a78539beb96-crop.jpg\" alt=\"Nev\u015fehir \u0130l Toplant\u0131s\u0131 &#8211; 24 Haziran 2023\" \/>\n\t\t\t\t\t<\/div>\n\t\t<a class=\"wprpsp-post-link\" href=\"https:\/\/www.tasis.org.tr\/en\/nevsehir-il-toplantisi-24-haziran-2023\/\" target=\"_self\"><\/a>\n\t<\/div>\n<\/div>\n\n<div class=\"wprpsp-post-slides\">\n\t<div class=\"wprpsp-post-cnt-pos\">\n\t\t<div class=\"wprpsp-post-cnt-left wprpsp-medium-8 wprpsp-columns\">\n\t\t\t\t\t\t\t<h2 class=\"wprpsp-post-title\">\n\t\t\t\t\t<a href=\"https:\/\/www.tasis.org.tr\/en\/giresun-il-toplantisi-17-haziran-2023\/\" target=\"_self\">Giresun \u0130l Toplant\u0131s\u0131 &#8211; 17 Haziran 2023<\/a>\n\t\t\t\t<\/h2>\n\t\t\t\t\t\t<div class=\"wprpsp-post-date\">\n\t\t\t\t\t\t\t\t\t\t\t\t\t\t\t24 A\u011fustos 2023\t\t\t\t<\/div>\n\t\t\t\t\t<\/div>\n\t\t<div class=\"wprpsp-post-image-wrap wprpsp-post-image-bg\" style=\"height:500px;\">\n\t\t\t\t\t\t\t<img class=\"wprpsp-post-img\"  src=\"https:\/\/www.tasis.org.tr\/en\/wp-content\/uploads\/2023\/08\/4c2fa1ad-37e4-415c-9bfc-942d1981fd42-crop.jpg\" alt=\"Giresun \u0130l Toplant\u0131s\u0131 &#8211; 17 Haziran 2023\" \/>\n\t\t\t\t\t<\/div>\n\t\t<a class=\"wprpsp-post-link\" href=\"https:\/\/www.tasis.org.tr\/en\/giresun-il-toplantisi-17-haziran-2023\/\" target=\"_self\"><\/a>\n\t<\/div>\n<\/div>\n\n<div class=\"wprpsp-post-slides\">\n\t<div class=\"wprpsp-post-cnt-pos\">\n\t\t<div class=\"wprpsp-post-cnt-left wprpsp-medium-8 wprpsp-columns\">\n\t\t\t\t\t\t\t<h2 class=\"wprpsp-post-title\">\n\t\t\t\t\t<a href=\"https:\/\/www.tasis.org.tr\/en\/tasis-oksiad-calisma-toplantisi-12-haziran-2023\/\" target=\"_self\">TAS\u0130S &#8211; OKS\u0130AD \u00c7al\u0131\u015fma Toplant\u0131s\u0131 &#8211; 12 Haziran 2023<\/a>\n\t\t\t\t<\/h2>\n\t\t\t\t\t\t<div class=\"wprpsp-post-date\">\n\t\t\t\t\t\t\t\t\t\t\t\t\t\t\t24 A\u011fustos 2023\t\t\t\t<\/div>\n\t\t\t\t\t<\/div>\n\t\t<div class=\"wprpsp-post-image-wrap wprpsp-post-image-bg\" style=\"height:500px;\">\n\t\t\t\t\t\t\t<img class=\"wprpsp-post-img\"  src=\"https:\/\/www.tasis.org.tr\/en\/wp-content\/uploads\/2023\/08\/35b96cfa-0c1f-4c23-bd7b-48ba296b9908-crop.jpg\" alt=\"TAS\u0130S &#8211; OKS\u0130AD \u00c7al\u0131\u015fma Toplant\u0131s\u0131 &#8211; 12 Haziran 2023\" \/>\n\t\t\t\t\t<\/div>\n\t\t<a class=\"wprpsp-post-link\" href=\"https:\/\/www.tasis.org.tr\/en\/tasis-oksiad-calisma-toplantisi-12-haziran-2023\/\" target=\"_self\"><\/a>\n\t<\/div>\n<\/div>\n\n<div class=\"wprpsp-post-slides\">\n\t<div class=\"wprpsp-post-cnt-pos\">\n\t\t<div class=\"wprpsp-post-cnt-left wprpsp-medium-8 wprpsp-columns\">\n\t\t\t\t\t\t\t<h2 class=\"wprpsp-post-title\">\n\t\t\t\t\t<a href=\"https:\/\/www.tasis.org.tr\/en\/tse-muayene-gozetim-merkez-baskanligi-toplantisi-8-haziran-2023\/\" target=\"_self\">TSE Muayene G\u00f6zetim Merkez Ba\u015fkanl\u0131\u011f\u0131 Toplant\u0131s\u0131 &#8211; 8 Haziran 2023<\/a>\n\t\t\t\t<\/h2>\n\t\t\t\t\t\t<div class=\"wprpsp-post-date\">\n\t\t\t\t\t\t\t\t\t\t\t\t\t\t\t24 A\u011fustos 2023\t\t\t\t<\/div>\n\t\t\t\t\t<\/div>\n\t\t<div class=\"wprpsp-post-image-wrap wprpsp-post-image-bg\" style=\"height:500px;\">\n\t\t\t\t\t\t\t<img class=\"wprpsp-post-img\"  src=\"https:\/\/www.tasis.org.tr\/en\/wp-content\/uploads\/2023\/08\/tse-crop.jpg\" alt=\"TSE Muayene G\u00f6zetim Merkez Ba\u015fkanl\u0131\u011f\u0131 Toplant\u0131s\u0131 &#8211; 8 Haziran 2023\" \/>\n\t\t\t\t\t<\/div>\n\t\t<a class=\"wprpsp-post-link\" href=\"https:\/\/www.tasis.org.tr\/en\/tse-muayene-gozetim-merkez-baskanligi-toplantisi-8-haziran-2023\/\" target=\"_self\"><\/a>\n\t<\/div>\n<\/div>\n\n<div class=\"wprpsp-post-slides\">\n\t<div class=\"wprpsp-post-cnt-pos\">\n\t\t<div class=\"wprpsp-post-cnt-left wprpsp-medium-8 wprpsp-columns\">\n\t\t\t\t\t\t\t<h2 class=\"wprpsp-post-title\">\n\t\t\t\t\t<a href=\"https:\/\/www.tasis.org.tr\/en\/adana-il-toplantisi-24-eylul-2022\/\" target=\"_self\">Adana \u0130l Toplant\u0131s\u0131 &#8211; 24 Eyl\u00fcl 2022<\/a>\n\t\t\t\t<\/h2>\n\t\t\t\t\t\t<div class=\"wprpsp-post-date\">\n\t\t\t\t\t\t\t\t\t\t\t\t\t\t\t24 A\u011fustos 2023\t\t\t\t<\/div>\n\t\t\t\t\t<\/div>\n\t\t<div class=\"wprpsp-post-image-wrap wprpsp-post-image-bg\" style=\"height:500px;\">\n\t\t\t\t\t\t\t<img class=\"wprpsp-post-img\"  src=\"https:\/\/www.tasis.org.tr\/en\/wp-content\/uploads\/2023\/08\/a3103df6-fe29-4df8-8ba4-b7582dc1a676-crop.jpg\" alt=\"Adana \u0130l Toplant\u0131s\u0131 &#8211; 24 Eyl\u00fcl 2022\" \/>\n\t\t\t\t\t<\/div>\n\t\t<a class=\"wprpsp-post-link\" href=\"https:\/\/www.tasis.org.tr\/en\/adana-il-toplantisi-24-eylul-2022\/\" target=\"_self\"><\/a>\n\t<\/div>\n<\/div>\n\n<div class=\"wprpsp-post-slides\">\n\t<div class=\"wprpsp-post-cnt-pos\">\n\t\t<div class=\"wprpsp-post-cnt-left wprpsp-medium-8 wprpsp-columns\">\n\t\t\t\t\t\t\t<h2 class=\"wprpsp-post-title\">\n\t\t\t\t\t<a href=\"https:\/\/www.tasis.org.tr\/en\/tasis-acilis-toreninden-15-ekim-2022\/\" target=\"_self\">TAS\u0130S A\u00e7\u0131l\u0131\u015f T\u00f6reninden &#8211; 15 Ekim 2022<\/a>\n\t\t\t\t<\/h2>\n\t\t\t\t\t\t<div class=\"wprpsp-post-date\">\n\t\t\t\t\t\t\t\t\t\t\t\t\t\t\t24 A\u011fustos 2023\t\t\t\t<\/div>\n\t\t\t\t\t<\/div>\n\t\t<div class=\"wprpsp-post-image-wrap wprpsp-post-image-bg\" style=\"height:500px;\">\n\t\t\t\t\t\t\t<img class=\"wprpsp-post-img\"  src=\"https:\/\/www.tasis.org.tr\/en\/wp-content\/uploads\/2023\/08\/acilis.jpg\" alt=\"TAS\u0130S A\u00e7\u0131l\u0131\u015f T\u00f6reninden &#8211; 15 Ekim 2022\" \/>\n\t\t\t\t\t<\/div>\n\t\t<a class=\"wprpsp-post-link\" href=\"https:\/\/www.tasis.org.tr\/en\/tasis-acilis-toreninden-15-ekim-2022\/\" target=\"_self\"><\/a>\n\t<\/div>\n<\/div>\n\n<div class=\"wprpsp-post-slides\">\n\t<div class=\"wprpsp-post-cnt-pos\">\n\t\t<div class=\"wprpsp-post-cnt-left wprpsp-medium-8 wprpsp-columns\">\n\t\t\t\t\t\t\t<h2 class=\"wprpsp-post-title\">\n\t\t\t\t\t<a href=\"https:\/\/www.tasis.org.tr\/en\/denizli-il-toplantisi-6-ekim-2022\/\" target=\"_self\">Denizli \u0130l Toplant\u0131s\u0131 &#8211; 6 Ekim 2022<\/a>\n\t\t\t\t<\/h2>\n\t\t\t\t\t\t<div class=\"wprpsp-post-date\">\n\t\t\t\t\t\t\t\t\t\t\t\t\t\t\t24 A\u011fustos 2023\t\t\t\t<\/div>\n\t\t\t\t\t<\/div>\n\t\t<div class=\"wprpsp-post-image-wrap wprpsp-post-image-bg\" style=\"height:500px;\">\n\t\t\t\t\t\t\t<img class=\"wprpsp-post-img\"  src=\"https:\/\/www.tasis.org.tr\/en\/wp-content\/uploads\/2023\/08\/denizli-crop.jpg\" alt=\"Denizli \u0130l Toplant\u0131s\u0131 &#8211; 6 Ekim 2022\" \/>\n\t\t\t\t\t<\/div>\n\t\t<a class=\"wprpsp-post-link\" href=\"https:\/\/www.tasis.org.tr\/en\/denizli-il-toplantisi-6-ekim-2022\/\" target=\"_self\"><\/a>\n\t<\/div>\n<\/div>\n\n<div class=\"wprpsp-post-slides\">\n\t<div class=\"wprpsp-post-cnt-pos\">\n\t\t<div class=\"wprpsp-post-cnt-left wprpsp-medium-8 wprpsp-columns\">\n\t\t\t\t\t\t\t<h2 class=\"wprpsp-post-title\">\n\t\t\t\t\t<a href=\"https:\/\/www.tasis.org.tr\/en\/tasis-1-olagan-genel-kurul-toplantisi-1-ekim-2022\/\" target=\"_self\">TAS\u0130S 1. Ola\u011fan Genel Kurul Toplant\u0131s\u0131 &#8211; 1 Ekim 2022<\/a>\n\t\t\t\t<\/h2>\n\t\t\t\t\t\t<div class=\"wprpsp-post-date\">\n\t\t\t\t\t\t\t\t\t\t\t\t\t\t\t24 A\u011fustos 2023\t\t\t\t<\/div>\n\t\t\t\t\t<\/div>\n\t\t<div class=\"wprpsp-post-image-wrap wprpsp-post-image-bg\" style=\"height:500px;\">\n\t\t\t\t\t\t\t<img class=\"wprpsp-post-img\"  src=\"https:\/\/www.tasis.org.tr\/en\/wp-content\/uploads\/2023\/08\/kurul-crop.jpg\" alt=\"TAS\u0130S 1. Ola\u011fan Genel Kurul Toplant\u0131s\u0131 &#8211; 1 Ekim 2022\" \/>\n\t\t\t\t\t<\/div>\n\t\t<a class=\"wprpsp-post-link\" href=\"https:\/\/www.tasis.org.tr\/en\/tasis-1-olagan-genel-kurul-toplantisi-1-ekim-2022\/\" target=\"_self\"><\/a>\n\t<\/div>\n<\/div>\n\n<div class=\"wprpsp-post-slides\">\n\t<div class=\"wprpsp-post-cnt-pos\">\n\t\t<div class=\"wprpsp-post-cnt-left wprpsp-medium-8 wprpsp-columns\">\n\t\t\t\t\t\t\t<h2 class=\"wprpsp-post-title\">\n\t\t\t\t\t<a href=\"https:\/\/www.tasis.org.tr\/en\/aydin-il-toplantisi-3-eylul-2022\/\" target=\"_self\">Ayd\u0131n \u0130l Toplant\u0131s\u0131 &#8211; 3 Eyl\u00fcl 2022<\/a>\n\t\t\t\t<\/h2>\n\t\t\t\t\t\t<div class=\"wprpsp-post-date\">\n\t\t\t\t\t\t\t\t\t\t\t\t\t\t\t24 A\u011fustos 2023\t\t\t\t<\/div>\n\t\t\t\t\t<\/div>\n\t\t<div class=\"wprpsp-post-image-wrap wprpsp-post-image-bg\" style=\"height:500px;\">\n\t\t\t\t\t\t\t<img class=\"wprpsp-post-img\"  src=\"https:\/\/www.tasis.org.tr\/en\/wp-content\/uploads\/2023\/08\/aydin-crop.jpg\" alt=\"Ayd\u0131n \u0130l Toplant\u0131s\u0131 &#8211; 3 Eyl\u00fcl 2022\" \/>\n\t\t\t\t\t<\/div>\n\t\t<a class=\"wprpsp-post-link\" href=\"https:\/\/www.tasis.org.tr\/en\/aydin-il-toplantisi-3-eylul-2022\/\" target=\"_self\"><\/a>\n\t<\/div>\n<\/div>\n\n<div class=\"wprpsp-post-slides\">\n\t<div class=\"wprpsp-post-cnt-pos\">\n\t\t<div class=\"wprpsp-post-cnt-left wprpsp-medium-8 wprpsp-columns\">\n\t\t\t\t\t\t\t<h2 class=\"wprpsp-post-title\">\n\t\t\t\t\t<a href=\"https:\/\/www.tasis.org.tr\/en\/canakkale-il-toplantisi-20-agustos-2022\/\" target=\"_self\">\u00c7anakkale \u0130l Toplant\u0131s\u0131 &#8211; 20 A\u011fustos 2022<\/a>\n\t\t\t\t<\/h2>\n\t\t\t\t\t\t<div class=\"wprpsp-post-date\">\n\t\t\t\t\t\t\t\t\t\t\t\t\t\t\t24 A\u011fustos 2023\t\t\t\t<\/div>\n\t\t\t\t\t<\/div>\n\t\t<div class=\"wprpsp-post-image-wrap wprpsp-post-image-bg\" style=\"height:500px;\">\n\t\t\t\t\t\t\t<img class=\"wprpsp-post-img\"  src=\"https:\/\/www.tasis.org.tr\/en\/wp-content\/uploads\/2023\/08\/canakkale-crop.jpg\" alt=\"\u00c7anakkale \u0130l Toplant\u0131s\u0131 &#8211; 20 A\u011fustos 2022\" \/>\n\t\t\t\t\t<\/div>\n\t\t<a class=\"wprpsp-post-link\" href=\"https:\/\/www.tasis.org.tr\/en\/canakkale-il-toplantisi-20-agustos-2022\/\" target=\"_self\"><\/a>\n\t<\/div>\n<\/div>\n\n<div class=\"wprpsp-post-slides\">\n\t<div class=\"wprpsp-post-cnt-pos\">\n\t\t<div class=\"wprpsp-post-cnt-left wprpsp-medium-8 wprpsp-columns\">\n\t\t\t\t\t\t\t<h2 class=\"wprpsp-post-title\">\n\t\t\t\t\t<a href=\"https:\/\/www.tasis.org.tr\/en\/usak-il-toplantisi-4-haziran-2022\/\" target=\"_self\">U\u015fak \u0130l Toplant\u0131s\u0131 &#8211; 4 Haziran 2022<\/a>\n\t\t\t\t<\/h2>\n\t\t\t\t\t\t<div class=\"wprpsp-post-date\">\n\t\t\t\t\t\t\t\t\t\t\t\t\t\t\t24 A\u011fustos 2023\t\t\t\t<\/div>\n\t\t\t\t\t<\/div>\n\t\t<div class=\"wprpsp-post-image-wrap wprpsp-post-image-bg\" style=\"height:500px;\">\n\t\t\t\t\t\t\t<img class=\"wprpsp-post-img\"  src=\"https:\/\/www.tasis.org.tr\/en\/wp-content\/uploads\/2023\/08\/usak-crop.jpeg\" alt=\"U\u015fak \u0130l Toplant\u0131s\u0131 &#8211; 4 Haziran 2022\" \/>\n\t\t\t\t\t<\/div>\n\t\t<a class=\"wprpsp-post-link\" href=\"https:\/\/www.tasis.org.tr\/en\/usak-il-toplantisi-4-haziran-2022\/\" target=\"_self\"><\/a>\n\t<\/div>\n<\/div>\n\n<div class=\"wprpsp-post-slides\">\n\t<div class=\"wprpsp-post-cnt-pos\">\n\t\t<div class=\"wprpsp-post-cnt-left wprpsp-medium-8 wprpsp-columns\">\n\t\t\t\t\t\t\t<h2 class=\"wprpsp-post-title\">\n\t\t\t\t\t<a href=\"https:\/\/www.tasis.org.tr\/en\/van-il-toplantisi-13-ocak-2023\/\" target=\"_self\">Van \u0130l Toplant\u0131s\u0131 &#8211; 13 Ocak 2023<\/a>\n\t\t\t\t<\/h2>\n\t\t\t\t\t\t<div class=\"wprpsp-post-date\">\n\t\t\t\t\t\t\t\t\t\t\t\t\t\t\t24 A\u011fustos 2023\t\t\t\t<\/div>\n\t\t\t\t\t<\/div>\n\t\t<div class=\"wprpsp-post-image-wrap wprpsp-post-image-bg\" style=\"height:500px;\">\n\t\t\t\t\t\t\t<img class=\"wprpsp-post-img\"  src=\"https:\/\/www.tasis.org.tr\/en\/wp-content\/uploads\/2023\/08\/van-crop-1.jpeg\" alt=\"Van \u0130l Toplant\u0131s\u0131 &#8211; 13 Ocak 2023\" \/>\n\t\t\t\t\t<\/div>\n\t\t<a class=\"wprpsp-post-link\" href=\"https:\/\/www.tasis.org.tr\/en\/van-il-toplantisi-13-ocak-2023\/\" target=\"_self\"><\/a>\n\t<\/div>\n<\/div>\n\n<div class=\"wprpsp-post-slides\">\n\t<div class=\"wprpsp-post-cnt-pos\">\n\t\t<div class=\"wprpsp-post-cnt-left wprpsp-medium-8 wprpsp-columns\">\n\t\t\t\t\t\t\t<h2 class=\"wprpsp-post-title\">\n\t\t\t\t\t<a href=\"https:\/\/www.tasis.org.tr\/en\/sanayi-ve-teknoloji-bakanligi-toplantisi-24-ocak-2023\/\" target=\"_self\">Sanayi ve Teknoloji Bakanl\u0131\u011f\u0131 Toplant\u0131s\u0131 &#8211; 24 Ocak 2023<\/a>\n\t\t\t\t<\/h2>\n\t\t\t\t\t\t<div class=\"wprpsp-post-date\">\n\t\t\t\t\t\t\t\t\t\t\t\t\t\t\t24 A\u011fustos 2023\t\t\t\t<\/div>\n\t\t\t\t\t<\/div>\n\t\t<div class=\"wprpsp-post-image-wrap wprpsp-post-image-bg\" style=\"height:500px;\">\n\t\t\t\t\t\t\t<img class=\"wprpsp-post-img\"  src=\"https:\/\/www.tasis.org.tr\/en\/wp-content\/uploads\/2023\/08\/bakanlik-crop.jpeg\" alt=\"Sanayi ve Teknoloji Bakanl\u0131\u011f\u0131 Toplant\u0131s\u0131 &#8211; 24 Ocak 2023\" \/>\n\t\t\t\t\t<\/div>\n\t\t<a class=\"wprpsp-post-link\" href=\"https:\/\/www.tasis.org.tr\/en\/sanayi-ve-teknoloji-bakanligi-toplantisi-24-ocak-2023\/\" target=\"_self\"><\/a>\n\t<\/div>\n<\/div>\n\n<div class=\"wprpsp-post-slides\">\n\t<div class=\"wprpsp-post-cnt-pos\">\n\t\t<div class=\"wprpsp-post-cnt-left wprpsp-medium-8 wprpsp-columns\">\n\t\t\t\t\t\t\t<h2 class=\"wprpsp-post-title\">\n\t\t\t\t\t<a href=\"https:\/\/www.tasis.org.tr\/en\/ito-meslek-komitesi-secimleri-9-kasim-2022\/\" target=\"_self\">\u0130TO Meslek Komitesi Se\u00e7imleri &#8211; 9 Kas\u0131m 2022<\/a>\n\t\t\t\t<\/h2>\n\t\t\t\t\t\t<div class=\"wprpsp-post-date\">\n\t\t\t\t\t\t\t\t\t\t\t\t\t\t\t24 A\u011fustos 2023\t\t\t\t<\/div>\n\t\t\t\t\t<\/div>\n\t\t<div class=\"wprpsp-post-image-wrap wprpsp-post-image-bg\" style=\"height:500px;\">\n\t\t\t\t\t\t\t<img class=\"wprpsp-post-img\"  src=\"https:\/\/www.tasis.org.tr\/en\/wp-content\/uploads\/2023\/08\/ito-crop.jpg\" alt=\"\u0130TO Meslek Komitesi Se\u00e7imleri &#8211; 9 Kas\u0131m 2022\" \/>\n\t\t\t\t\t<\/div>\n\t\t<a class=\"wprpsp-post-link\" href=\"https:\/\/www.tasis.org.tr\/en\/ito-meslek-komitesi-secimleri-9-kasim-2022\/\" target=\"_self\"><\/a>\n\t<\/div>\n<\/div>\n\n<div class=\"wprpsp-post-slides\">\n\t<div class=\"wprpsp-post-cnt-pos\">\n\t\t<div class=\"wprpsp-post-cnt-left wprpsp-medium-8 wprpsp-columns\">\n\t\t\t\t\t\t\t<h2 class=\"wprpsp-post-title\">\n\t\t\t\t\t<a href=\"https:\/\/www.tasis.org.tr\/en\/a-rasim-ilkokulu-asansorunu-modernize-ettik-1-haziran-2023\/\" target=\"_self\">A. Rasim \u0130lkokulu Asans\u00f6r\u00fcn\u00fc Modernize Ettik &#8211; 1 Haziran 2023<\/a>\n\t\t\t\t<\/h2>\n\t\t\t\t\t\t<div class=\"wprpsp-post-date\">\n\t\t\t\t\t\t\t\t\t\t\t\t\t\t\t24 A\u011fustos 2023\t\t\t\t<\/div>\n\t\t\t\t\t<\/div>\n\t\t<div class=\"wprpsp-post-image-wrap wprpsp-post-image-bg\" style=\"height:500px;\">\n\t\t\t\t\t\t\t<img class=\"wprpsp-post-img\"  src=\"https:\/\/www.tasis.org.tr\/en\/wp-content\/uploads\/2023\/08\/okul-son.jpeg\" alt=\"A. Rasim \u0130lkokulu Asans\u00f6r\u00fcn\u00fc Modernize Ettik &#8211; 1 Haziran 2023\" \/>\n\t\t\t\t\t<\/div>\n\t\t<a class=\"wprpsp-post-link\" href=\"https:\/\/www.tasis.org.tr\/en\/a-rasim-ilkokulu-asansorunu-modernize-ettik-1-haziran-2023\/\" target=\"_self\"><\/a>\n\t<\/div>\n<\/div>\n\n<div class=\"wprpsp-post-slides\">\n\t<div class=\"wprpsp-post-cnt-pos\">\n\t\t<div class=\"wprpsp-post-cnt-left wprpsp-medium-8 wprpsp-columns\">\n\t\t\t\t\t\t\t<h2 class=\"wprpsp-post-title\">\n\t\t\t\t\t<a href=\"https:\/\/www.tasis.org.tr\/en\/afyonkarahisar-il-toplantisi-26-kasim-2022\/\" target=\"_self\">Afyonkarahisar \u0130l Toplant\u0131s\u0131 &#8211; 26 Kas\u0131m 2022<\/a>\n\t\t\t\t<\/h2>\n\t\t\t\t\t\t<div class=\"wprpsp-post-date\">\n\t\t\t\t\t\t\t\t\t\t\t\t\t\t\t24 A\u011fustos 2023\t\t\t\t<\/div>\n\t\t\t\t\t<\/div>\n\t\t<div class=\"wprpsp-post-image-wrap wprpsp-post-image-bg\" style=\"height:500px;\">\n\t\t\t\t\t\t\t<img class=\"wprpsp-post-img\"  src=\"https:\/\/www.tasis.org.tr\/en\/wp-content\/uploads\/2023\/08\/afyon-crop.jpg\" alt=\"Afyonkarahisar \u0130l Toplant\u0131s\u0131 &#8211; 26 Kas\u0131m 2022\" \/>\n\t\t\t\t\t<\/div>\n\t\t<a class=\"wprpsp-post-link\" href=\"https:\/\/www.tasis.org.tr\/en\/afyonkarahisar-il-toplantisi-26-kasim-2022\/\" target=\"_self\"><\/a>\n\t<\/div>\n<\/div>\n\n\t<\/div>\n\n\t<\/div>[\/vc_column_text][\/vc_column][\/vc_row][vc_row css=&#8221;.vc_custom_1678093487782{padding-top: 100px !important;padding-bottom: 10px !important;}&#8221; el_id=&#8221;sec-about&#8221;][vc_column width=&#8221;1\/3&#8243; el_class=&#8221;ipad-fix-pad&#8221; css=&#8221;.vc_custom_1679167642032{margin-top: -65px !important;margin-bottom: 30px !important;}&#8221;]<div class=\"vc_custom_1692942669438\">\t\n\t<div class=\"rt-text-with-btn\" style=\"text-align:left\">\n\t\t<h2 style=\"font-size:24px;color:#222222\">T\u00fcm Asans\u00f6r Sanayi \u0130\u015fverenleri Sendikas\u0131<\/h2>\n\t\t<div style=\"color:#545454\">T\u00fcm Asans\u00f6r Sanayi \u0130\u015fverenleri Sendikas\u0131 (TAS\u0130S), 10.08.2022 tarihinde T.C. \u00c7al\u0131\u015fma ve Sosyal G\u00fcvenlik Bakanl\u0131\u011f\u0131 taraf\u0131ndan 0593 sicil numaras\u0131yla tescil edilmi\u015f olup bu tarihten itibaren k\u0131sa bir s\u00fcre i\u00e7inde \u00fclke genelinde i\u015f kolunda faaliyet g\u00f6steren 800\u2019\u00fc a\u015fk\u0131n \u00fcye i\u015fletmeye&#8230;<\/div>\n\t\t\t\t<a class=\"btn-default-big\" href=\"\/en\/tasis-hakkinda\">Daha Fazla<i class=\"fa fa-angle-right\"><\/i><\/a>\n\t\t\t<\/div>\t\n<\/div>[\/vc_column][vc_column width=&#8221;1\/3&#8243; el_class=&#8221;width-50&#8243; css=&#8221;.vc_custom_1678021248409{margin-top: -65px !important;}&#8221;][vc_raw_html]JTVCdnBnX2dyaWQlMjB0ZW1wbGF0ZSUzRCUyMnRlbXBsYXRlLTYlMjIlMjB2aWRlb19jYXQlM0QlMjI3MiUyMiU1RA==[\/vc_raw_html][\/vc_column][vc_column width=&#8221;1\/3&#8243; css=&#8221;.vc_custom_1678737405882{margin-top: -65px !important;margin-bottom: 20px !important;}&#8221;][vc_single_image image=&#8221;4197&#8243; img_size=&#8221;full&#8221; onclick=&#8221;custom_link&#8221; css=&#8221;.vc_custom_1692942686534{border-radius: 15px !important;}&#8221; link=&#8221;\/en\/baskanin-mesaji\/&#8221;][\/vc_column][\/vc_row][vc_row full_width=&#8221;stretch_row&#8221; css=&#8221;.vc_custom_1505737592345{padding-top: 57px !important;padding-bottom: 78px !important;background-color: #f5f5f5 !important;}&#8221; el_id=&#8221;sec-blog&#8221;][vc_column css=&#8221;.vc_custom_1677703982011{margin-top: -70px !important;}&#8221;]\t<div class=\"section-title-content\">\n\t\t<div class=\"section-title service-slider-two\">\n\t\t\t<h2 class=\"section-title-holder\">Faliyetlerimiz<\/h2> \n\t\t<\/div>\n\t\t<div class=\"clear\"><\/div>\n\t<\/div>\n<div class=\"rt-service-slider-two owl-wrap rt-owl-nav-1 slider-nav-enabled\">\t\t\n\t<div class=\"row\">\t\t\n\t\t<div class=\"owl-theme owl-carousel rt-owl-carousel\" data-carousel-options=\"{&quot;nav&quot;:true,&quot;navText&quot;:[&quot;&lt;i class=&#039;fa fa-angle-left&#039;&gt;&lt;\\\/i&gt;&quot;,&quot;&lt;i class=&#039;fa fa-angle-right&#039;&gt;&lt;\\\/i&gt;&quot;],&quot;dots&quot;:true,&quot;autoplay&quot;:true,&quot;autoplayTimeout&quot;:&quot;4000&quot;,&quot;autoplaySpeed&quot;:&quot;200&quot;,&quot;autoplayHoverPause&quot;:true,&quot;loop&quot;:true,&quot;margin&quot;:20,&quot;responsive&quot;:{&quot;0&quot;:{&quot;items&quot;:1},&quot;480&quot;:{&quot;items&quot;:1},&quot;768&quot;:{&quot;items&quot;:2},&quot;992&quot;:{&quot;items&quot;:3},&quot;1200&quot;:{&quot;items&quot;:3}}}\">\n\t\t\t\t\t\t\t\t\t\t\t\t\t\t\t\t\t<div class=\"rtin-single-feature-slide\">\n\t\t\t\t\t\t<div class=\"rtin-feature-slide-img\">\n\t\t\t\t\t\t\t<a href=\"https:\/\/www.tasis.org.tr\/en\/service\/is-gelistirme\/\">\n\t\t\t\t\t\t\t\t<img width=\"490\" height=\"340\" src=\"https:\/\/www.tasis.org.tr\/en\/wp-content\/uploads\/2023\/03\/faiyet-490x340.jpg\" class=\"attachment-rdtheme-size3 size-rdtheme-size3 wp-post-image\" alt=\"\" loading=\"lazy\" \/>\t\t\t\t\t\t\t<\/a>\n\t\t\t\t\t\t<\/div>\n\t\t\t\t\t\t<div class=\"rtin-feature-slide-content\">\n\t\t\t\t\t\t\t<h3><a href=\"https:\/\/www.tasis.org.tr\/en\/service\/is-gelistirme\/\">\u0130\u015f Geli\u015ftirme<\/a><\/h3>\n\t\t\t\t\t\t\t<p>&#8220;\u0130\u015f Geli\u015ftirme&#8221; faaliyetleri; &#8220;\u0130\u015f Geli\u015ftirme, \u0130zleme ve Takip Komitesi&#8221; taraf\u0131ndan&hellip;<\/p>\n\t\t\t\t\t\t<\/div>\n\t\t\t\t\t<\/div>\n\t\t\t\t\n\t\t\t\t\t\t\t\t\t\t\t\t\t\t<div class=\"rtin-single-feature-slide\">\n\t\t\t\t\t\t<div class=\"rtin-feature-slide-img\">\n\t\t\t\t\t\t\t<a href=\"https:\/\/www.tasis.org.tr\/en\/service\/teknik-danismanlik\/\">\n\t\t\t\t\t\t\t\t<img width=\"490\" height=\"340\" src=\"https:\/\/www.tasis.org.tr\/en\/wp-content\/uploads\/2023\/03\/teknik.jpg\" class=\"attachment-rdtheme-size3 size-rdtheme-size3 wp-post-image\" alt=\"\" loading=\"lazy\" \/>\t\t\t\t\t\t\t<\/a>\n\t\t\t\t\t\t<\/div>\n\t\t\t\t\t\t<div class=\"rtin-feature-slide-content\">\n\t\t\t\t\t\t\t<h3><a href=\"https:\/\/www.tasis.org.tr\/en\/service\/teknik-danismanlik\/\">Teknik Dan\u0131\u015fmanl\u0131k Hizmetleri<\/a><\/h3>\n\t\t\t\t\t\t\t<p>&#8220;Teknik Dan\u0131\u015fmanl\u0131k Hizmetleri&#8221; faaliyetleri; sendika uhdesinde bulunan &#8220;Mevzuat ve Standartlar&hellip;<\/p>\n\t\t\t\t\t\t<\/div>\n\t\t\t\t\t<\/div>\n\t\t\t\t\n\t\t\t\t\t\t\t\t\t\t\t\t\t\t<div class=\"rtin-single-feature-slide\">\n\t\t\t\t\t\t<div class=\"rtin-feature-slide-img\">\n\t\t\t\t\t\t\t<a href=\"https:\/\/www.tasis.org.tr\/en\/service\/hukuk-hizmetleri\/\">\n\t\t\t\t\t\t\t\t<img width=\"490\" height=\"340\" src=\"https:\/\/www.tasis.org.tr\/en\/wp-content\/uploads\/2023\/03\/hukuk.jpg\" class=\"attachment-rdtheme-size3 size-rdtheme-size3 wp-post-image\" alt=\"\" loading=\"lazy\" \/>\t\t\t\t\t\t\t<\/a>\n\t\t\t\t\t\t<\/div>\n\t\t\t\t\t\t<div class=\"rtin-feature-slide-content\">\n\t\t\t\t\t\t\t<h3><a href=\"https:\/\/www.tasis.org.tr\/en\/service\/hukuk-hizmetleri\/\">Hukuk Hizmetleri<\/a><\/h3>\n\t\t\t\t\t\t\t<p>Sendika \u00fcyelik i\u015flemlerini tamamlam\u0131\u015f olan i\u015fverenlere y\u00f6nelik hukuk hizmetleri TAS\u0130S&hellip;<\/p>\n\t\t\t\t\t\t<\/div>\n\t\t\t\t\t<\/div>\n\t\t\t\t\n\t\t\t\t\t\t\t\t\t\t\t\t<\/div>\n\t<\/div>\n<\/div>[vc_empty_space height=&#8221;25px&#8221;]<div class=\"rt-cta vc_custom_1679251409436 rt-has-sub\">\n\t<div class=\"container\">\n\t\t<div class=\"row\">\n\t\t\t<div class=\"col-lg-8 col-md-8 col-sm-8 col-xs-12\">\n\t\t\t\t<div class=\"rtin-cta-left  waste-time-content\">\n\t\t\t\t\t<h3>Online \u00d6deme<\/h3>\n\t\t\t\t\t\t\t\t\t\t<p>De\u011ferli \u00dcyelerimiz Aidat ve Ba\u011f\u0131\u015f \u00d6demelerinizi Kredi Kart\u0131n\u0131zla Yapabilirsiniz.<\/p>\n\t\t\t\t\t \n\t\t\t\t<\/div>\n\t\t\t<\/div>\n\t\t\t<div class=\"col-lg-4 col-md-4 col-sm-4 col-xs-12\">\n\t\t\t\t<div class=\"rtin-cta-right waste-time-button\">\n\t\t\t\t\t\t\t\t\t\t<a class=\"rdtheme-button-5\" href=\"\/odeme \"target=\"_blank\">Kolay \u00d6deme<\/a>\n\t\t\t\t\t\t\t\t\t<\/div>\n\t\t\t<\/div>\n\t\t<\/div>\n\t<\/div>\n<\/div>\n[vc_empty_space height=&#8221;35px&#8221;][vc_custom_heading text=&#8221;Anla\u015fmal\u0131 Kurumlar&#8221; font_container=&#8221;tag:h2|font_size:25|text_align:center|color:%23282828&#8243; google_fonts=&#8221;font_family:Roboto%3A100%2C100italic%2C300%2C300italic%2Cregular%2Citalic%2C500%2C500italic%2C700%2C700italic%2C900%2C900italic|font_style:500%20bold%20regular%3A500%3Anormal&#8221; css_animation=&#8221;none&#8221; css=&#8221;.vc_custom_1678995407058{margin-bottom: -30px !important;}&#8221;][vc_raw_html css=&#8221;.vc_custom_1679168668322{margin-bottom: -28px !important;}&#8221;]JTVCbG9nb19zaG93Y2FzZSUyMGlkJTNEJTIyMzY0NiUyMiU1RA==[\/vc_raw_html][\/vc_column][\/vc_row]<\/p>\n<\/section>","protected":false},"excerpt":{"rendered":"<p>[vc_row full_width=&#8221;stretch_row_content&#8221;][vc_column css=&#8221;.vc_custom_1679160095606{margin-top: -45px !important;background-color: #ffffff !important;}&#8221;][vc_column_text css=&#8221;.vc_custom_1679225098641{margin-right: -15px !important;margin-left: -15px !important;}&#8221;][\/vc_column_text][\/vc_column][\/vc_row][vc_row css=&#8221;.vc_custom_1678093487782{padding-top: 100px !important;padding-bottom: 10px !important;}&#8221; el_id=&#8221;sec-about&#8221;][vc_column width=&#8221;1\/3&#8243; el_class=&#8221;ipad-fix-pad&#8221; css=&#8221;.vc_custom_1679167642032{margin-top: -65px !important;margin-bottom: 30px !important;}&#8221;][\/vc_column][vc_column width=&#8221;1\/3&#8243; el_class=&#8221;width-50&#8243; css=&#8221;.vc_custom_1678021248409{margin-top: -65px !important;}&#8221;][vc_raw_html]JTVCdnBnX2dyaWQlMjB0ZW1wbGF0ZSUzRCUyMnRlbXBsYXRlLTYlMjIlMjB2aWRlb19jYXQlM0QlMjI3MiUyMiU1RA==[\/vc_raw_html][\/vc_column][vc_column width=&#8221;1\/3&#8243; css=&#8221;.vc_custom_1678737405882{margin-top: -65px !important;margin-bottom: 20px !important;}&#8221;][vc_single_image image=&#8221;4197&#8243; img_size=&#8221;full&#8221; onclick=&#8221;custom_link&#8221; css=&#8221;.vc_custom_1692942686534{border-radius: 15px !important;}&#8221; link=&#8221;\/en\/baskanin-mesaji\/&#8221;][\/vc_column][\/vc_row][vc_row full_width=&#8221;stretch_row&#8221; css=&#8221;.vc_custom_1505737592345{padding-top: 57px !important;padding-bottom: 78px !important;background-color: #f5f5f5 !important;}&#8221; el_id=&#8221;sec-blog&#8221;][vc_column css=&#8221;.vc_custom_1677703982011{margin-top: -70px !important;}&#8221;][vc_empty_space [&hellip;]<\/p>\n","protected":false},"author":1,"featured_media":0,"parent":0,"menu_order":0,"comment_status":"closed","ping_status":"closed","template":"","meta":[],"_links":{"self":[{"href":"https:\/\/www.tasis.org.tr\/en\/wp-json\/wp\/v2\/pages\/3699"}],"collection":[{"href":"https:\/\/www.tasis.org.tr\/en\/wp-json\/wp\/v2\/pages"}],"about":[{"href":"https:\/\/www.tasis.org.tr\/en\/wp-json\/wp\/v2\/types\/page"}],"author":[{"embeddable":true,"href":"https:\/\/www.tasis.org.tr\/en\/wp-json\/wp\/v2\/users\/1"}],"replies":[{"embeddable":true,"href":"https:\/\/www.tasis.org.tr\/en\/wp-json\/wp\/v2\/comments?post=3699"}],"version-history":[{"count":27,"href":"https:\/\/www.tasis.org.tr\/en\/wp-json\/wp\/v2\/pages\/3699\/revisions"}],"predecessor-version":[{"id":4356,"href":"https:\/\/www.tasis.org.tr\/en\/wp-json\/wp\/v2\/pages\/3699\/revisions\/4356"}],"wp:attachment":[{"href":"https:\/\/www.tasis.org.tr\/en\/wp-json\/wp\/v2\/media?parent=3699"}],"curies":[{"name":"wp","href":"https:\/\/api.w.org\/{rel}","templated":true}]}}