{"id":3815,"date":"2023-03-19T21:41:50","date_gmt":"2023-03-19T21:41:50","guid":{"rendered":"https:\/\/www.tasis.org.tr\/gama\/?page_id=3815"},"modified":"2023-07-14T14:38:42","modified_gmt":"2023-07-14T14:38:42","slug":"tasis-hakkinda","status":"publish","type":"page","link":"https:\/\/www.tasis.org.tr\/en\/tasis-hakkinda\/","title":{"rendered":"Tasis Hakk\u0131nda"},"content":{"rendered":"<p style=\"text-align: left;\">T\u00fcm Asans\u00f6r Sanayi \u0130\u015fverenleri Sendikas\u0131 (TAS\u0130S), 10.08.2022 tarihinde T.C. \u00c7al\u0131\u015fma ve Sosyal G\u00fcvenlik Bakanl\u0131\u011f\u0131 taraf\u0131ndan 0593 sicil numaras\u0131yla tescil edilmi\u015f olup bu tarihten itibaren k\u0131sa bir s\u00fcre i\u00e7inde \u00fclke genelinde i\u015f kolunda faaliyet g\u00f6steren 800&#8217;\u00fc a\u015fk\u0131n \u00fcye i\u015fletmeye ula\u015fm\u0131\u015f ve sekt\u00f6r\u00fc en \u00fcst seviyede temsil kabiliyetiyle faaliyetlerini y\u00fcr\u00fcten \u00e7at\u0131 bir yap\u0131lanmad\u0131r.<\/p>\n<p style=\"text-align: left;\">Sendikam\u0131z, \u201c<strong>6356 Say\u0131l\u0131 Sendikalar ve Toplu \u0130\u015f S\u00f6zle\u015fmeleri Kanunu<\/strong>\u201d h\u00fck\u00fcmleri gere\u011fi, 12 Numaral\u0131 \u201c<strong>Metal<\/strong>\u201d i\u015f kolunun, 43.29.01 numaral\u0131 \u201c<em>Asans\u00f6rlerin,<\/em> <em>y\u00fcr\u00fcyen merdivenlerin, y\u00fcr\u00fcyen yollar\u0131n, otomatik ve d\u00f6ner kap\u0131lar\u0131n bak\u0131m ve onar\u0131m\u0131 d\u00e2hil kurulum i\u015fleri<\/em>\u201d alt s\u0131n\u0131f\u0131nda bulunan i\u015f kolunda faaliyet g\u00f6steren i\u015fverenleri sendika \u00e7at\u0131s\u0131 alt\u0131nda toplayarak, asans\u00f6r bak\u0131m, onar\u0131m ve montaj firmalar\u0131n\u0131n yan\u0131 s\u0131ra, otomatik ve d\u00f6ner kap\u0131 sekt\u00f6r\u00fcnde de faaliyet g\u00f6steren \u00fcye i\u015fveren ve i\u015fveren vekillerinin; \u00e7al\u0131\u015fma ili\u015fkilerinde mevzuat \u00e7er\u00e7evesinde, ortak ekonomik, sosyal hak ve menfaatlerini korumak, geli\u015ftirmek, aralar\u0131nda kar\u015f\u0131l\u0131kl\u0131 yard\u0131mla\u015fmalar\u0131n\u0131 sa\u011flamak, temsil etti\u011fi sekt\u00f6rlerin daha verimli ve ahenkli \u00e7al\u0131\u015fmas\u0131 i\u00e7in i\u015f kolunda adil bir \u00fccret sisteminin kurulmas\u0131na ve daha iyi bir \u00e7al\u0131\u015fma ortam\u0131n\u0131n sa\u011flanmas\u0131na yard\u0131mc\u0131 olmak ve \u00fcyeler ile \u00e7al\u0131\u015fanlar\u0131na s\u00fcrekli ve uzun vadeli refah ve sosyal g\u00fcvence sa\u011flayabilmek i\u00e7in \u00fclke ekonomisini g\u00fc\u00e7lendirici \u00e7al\u0131\u015fmalar yapmak ve bu do\u011frultuda toplu i\u015f s\u00f6zle\u015fmesi akdetmek, \u00e7al\u0131\u015fma bar\u0131\u015f\u0131n\u0131 tesis etmek, devam ettirmek, \u00fcyelerini temsil etmek ve bu ama\u00e7larla yurti\u00e7i ve yurtd\u0131\u015f\u0131nda faaliyetlerde bulunmak \u00fczere kurulmu\u015ftur.<\/p>\n<p>TAS\u0130S; Y\u00f6netim Kurulu, Denetim Kurulu ve Disiplin Kurulu gibi zorunlu organlar\u0131n\u0131n yan\u0131 s\u0131ra, Genel Koordinat\u00f6rl\u00fck, Hukuk M\u00fc\u015favirli\u011fi, Mevzuat ve Standartlar Komitesi ve \u0130\u015f Geli\u015ftirme, \u0130zleme ve Takip Komitesi birimleri ile gerek kamu yarar\u0131na olan genel konularda, gerekse \u00fcyelerinin adli, idari ve teknik y\u00f6nden kar\u015f\u0131la\u015ft\u0131\u011f\u0131 sorunlar\u0131na \u00e7\u00f6z\u00fcm \u00fcretmek ve onlar ad\u0131na toplu s\u00f6zle\u015fmeler yapmak amac\u0131yla faaliyetler y\u00fcr\u00fctmektedir.<\/p>\n<p>&nbsp;<\/p>\n","protected":false},"excerpt":{"rendered":"<p>T\u00fcm Asans\u00f6r Sanayi \u0130\u015fverenleri Sendikas\u0131 (TAS\u0130S), 10.08.2022 tarihinde T.C. \u00c7al\u0131\u015fma ve Sosyal G\u00fcvenlik Bakanl\u0131\u011f\u0131 taraf\u0131ndan 0593 sicil numaras\u0131yla tescil edilmi\u015f olup bu tarihten itibaren k\u0131sa bir s\u00fcre i\u00e7inde \u00fclke genelinde i\u015f kolunda faaliyet g\u00f6steren 800&#8217;\u00fc a\u015fk\u0131n \u00fcye i\u015fletmeye ula\u015fm\u0131\u015f ve sekt\u00f6r\u00fc en \u00fcst seviyede temsil kabiliyetiyle faaliyetlerini y\u00fcr\u00fcten \u00e7at\u0131 bir yap\u0131lanmad\u0131r. Sendikam\u0131z, \u201c6356 Say\u0131l\u0131 Sendikalar [&hellip;]<\/p>\n","protected":false},"author":1,"featured_media":0,"parent":0,"menu_order":0,"comment_status":"closed","ping_status":"closed","template":"","meta":[],"_links":{"self":[{"href":"https:\/\/www.tasis.org.tr\/en\/wp-json\/wp\/v2\/pages\/3815"}],"collection":[{"href":"https:\/\/www.tasis.org.tr\/en\/wp-json\/wp\/v2\/pages"}],"about":[{"href":"https:\/\/www.tasis.org.tr\/en\/wp-json\/wp\/v2\/types\/page"}],"author":[{"embeddable":true,"href":"https:\/\/www.tasis.org.tr\/en\/wp-json\/wp\/v2\/users\/1"}],"replies":[{"embeddable":true,"href":"https:\/\/www.tasis.org.tr\/en\/wp-json\/wp\/v2\/comments?post=3815"}],"version-history":[{"count":8,"href":"https:\/\/www.tasis.org.tr\/en\/wp-json\/wp\/v2\/pages\/3815\/revisions"}],"predecessor-version":[{"id":4193,"href":"https:\/\/www.tasis.org.tr\/en\/wp-json\/wp\/v2\/pages\/3815\/revisions\/4193"}],"wp:attachment":[{"href":"https:\/\/www.tasis.org.tr\/en\/wp-json\/wp\/v2\/media?parent=3815"}],"curies":[{"name":"wp","href":"https:\/\/api.w.org\/{rel}","templated":true}]}}